{"id":5018,"date":"2018-07-12T14:01:12","date_gmt":"2018-07-12T12:01:12","guid":{"rendered":"https:\/\/mycosmos.eu\/?page_id=5018"},"modified":"2025-06-16T12:45:43","modified_gmt":"2025-06-16T10:45:43","slug":"l-histoire-derriere-mycosmos","status":"publish","type":"page","link":"https:\/\/mycosmos.eu\/fr\/l-histoire-derriere-mycosmos\/","title":{"rendered":"L&#8217;histoire derri\u00e8re mycosmos"},"content":{"rendered":"<p id=\"tw-target-text\" class=\"tw-data-text tw-ta tw-text-small\" dir=\"ltr\" data-placeholder=\"Vertaling\"><span lang=\"fr\">En 2013 MyCosmos a commenc\u00e9 comme l&#8217;entreprise &#8220;Hemelplafond&#8221; avec moi ; Egbert Olsman et ma promesse, \u00e0 ma femme Aurore Olsman, de faire un vrai ciel \u00e9toil\u00e9 contre le plafond. Ma femme a eu une &#8220;Glow in the dark&#8221;, que vous ne voyez que les 5 premi\u00e8res minutes quand la lumi\u00e8re s&#8217;\u00e9teint. Depuis ma 14\u00e8me ann\u00e9e, j&#8217;ai lu tous les livres de l&#8217;astronomie \u00e0 la m\u00e9canique quantique et j&#8217;ai une bonne id\u00e9e \u00e0 quoi ressemble le cosmos. Apr\u00e8s beaucoup de recherches sur les possibilit\u00e9s de la cr\u00e9ation d&#8217;un v\u00e9ritable ciel \u00e9toil\u00e9, je me suis rendu compte tr\u00e8s rapidement qu&#8217;un &#8220;kit&#8221; de bricolage n&#8217;aboutit pas \u00e0 un vrai plafond \u00e9toil\u00e9, mais \u00e0 un r\u00e9sultat de tous les m\u00eames points lumineux qui clignotent. Il n&#8217;y a aucun kit dans le monde qui fait un vrai ciel \u00e9toil\u00e9. D\u00e9penser 200 euros maintenant sur un kit de bricolage et travailler en quelques jours pour que ca donne quelques points de lumi\u00e8re clignotants n&#8217;est pas l\u2019image du cosmos.<\/span><\/p>\n<p class=\"tw-data-text tw-ta tw-text-small\" dir=\"ltr\" data-placeholder=\"Vertaling\"><span lang=\"fr\">Heureusement, j&#8217;ai eu beaucoup de temps et de l&#8217;argent pour d\u00e9velopper un v\u00e9ritable ciel \u00e9toil\u00e9. Apr\u00e8s un tr\u00e8s dur et tr\u00e8s longue travail, beaucoup de prototypes d\u2019essays en\u00a0<\/span><span lang=\"fr\">surmontant\u00a0<\/span><span lang=\"fr\">environ 200 probl\u00e8mes, le prototype fonctionnant \u00e9tait pret\u00a0apr\u00e8s 6 mois. Au debut il y avait seulement 2 nuances de lumi\u00e8re LED blanche, 6 \u00e9paisseurs diff\u00e9rentes de fibres optiques, des \u00e9toiles tr\u00e8s brillantes et des \u00e9toiles plus faibles. Sur un m\u00e8tre carr\u00e9, il y avait que 30 \u00e9toiles et l&#8217;assemblage a dur\u00e9 au moins 2 jours. Depuis le d\u00e9but en 2013, il y a eu imm\u00e9diatement du travail \u00e0 temps plein, en raison des nombreuses commandes et de l&#8217;\u00e9norme quantit\u00e9 de temps que chaque m\u00e8tre carr\u00e9 co\u00fbte pour cr\u00e9er ces plafonds \u00e9toiles r\u00e9alistes.<\/span><\/p>\n<p id=\"tw-target-text\" class=\"tw-data-text tw-ta tw-text-small\" dir=\"ltr\" data-placeholder=\"Vertaling\"><span lang=\"fr\">La galaxie et le scintillement \u00e9lectronique des \u00e9toiles ont \u00e9t\u00e9 d\u00e9velopp\u00e9s seulement apr\u00e8s 1 an. Les pi\u00e8ces pour produire un vrais ciel \u00e9toil\u00e9\u00a0sont produit sp\u00e9cialement et que pour MyCosmos. Toutes les pi\u00e8ces sont continuellement test\u00e9es et mises \u00e0 jour \u00e0 la derni\u00e8re technologie: Domotique, Bluetooth, WiFi et application gratuite sur tablet et smartphone ainsi que des t\u00e9l\u00e9commandes, qui fonctionnent \u00e0 travers le plafond et les murs. Apr\u00e8s un an et demi, nous avons d\u00e9velopp\u00e9 les \u00e9toiles filantes et travaillons depuis un certain temps pour traiter une vraie brume dans le plafond sans \u00eatre peinte au plafond. Depuis 2017, des investissements substantiels ont \u00e9t\u00e9 faits pour offrir les plafonds MyCosmos dans le monde entier, pour les gens qui veulent le ciel \u00e9toil\u00e9 le plus r\u00e9aliste petit au grand aux Etats Unies, en Europe et jusqu\u2019au le Japon. C&#8217;est pour ca que on a chang\u00e9 le nom de l&#8217;entreprise de &#8220;Hemelplafond&#8221; en MyCosmos pour la marque mondiale.<\/span><\/p>\n<p class=\"tw-data-text tw-ta tw-text-small\" dir=\"ltr\" data-placeholder=\"Vertaling\"><span lang=\"fr\">Nous avons re\u00e7u de nombreuses demandes au fil du temps pour r\u00e9aliser des plafonds \u00e9toil\u00e9s simples avec peu d&#8217;\u00e9toiles, mais nous avons choisi de ne fabriquer que de vrais beaux plafonds \u00e9toil\u00e9s de la plus haute qualit\u00e9 pour un usage sans probl\u00e8me et sans entretien de 20 ans ou plus (utiliser de 5 \u00e0 7 heures). Tout le travail est fait \u00e0 la main et chaque design est unique pour chaque client, ce qui garantit qu&#8217;au fil des ann\u00e9es nous continuons \u00e0 apporter des am\u00e9liorations en termes de design et de l&#8217;exp\u00e9rience de la lumi\u00e8re. Une de nos nombreuses fonctionnalit\u00e9s uniques telles que le syst\u00e8me de &#8220;Backup&#8221;, o\u00f9 toutes les pi\u00e8ces sont dupliqu\u00e9es et parfois m\u00eame tripl\u00e9e pour assurer une dur\u00e9e de vie de 20 \u00e0 30 ans, m\u00eame si la moiti\u00e9 des LED, de l&#8217;alimentation et du contr\u00f4le \u00e9chouent les \u00e9toiles seront toujours allum\u00e9s. Ce sont les raisons pour lesquelles nous servons \u00e9galement des clients dans le monde entier avec de grands plafonds, acoustiques, sans soudure\/<\/span><span lang=\"fr\">coutures\u00a0<\/span><span lang=\"fr\">dans des villas tr\u00e8s spacieuses, dont nous ne donnerons jamais les lieux et les noms pour des raisons de confidentialit\u00e9. O\u00f9 malheureusement des photos n&#8217;ont pas pu \u00eatre prises. Nous avons un certain nombre de clients avec de tr\u00e8s beaux et grands projets qui, dans certains cas, peuvent \u00eatre visit\u00e9s ou servir de r\u00e9f\u00e9rence.<\/span><\/p>\n<p id=\"tw-target-text\" class=\"tw-data-text tw-ta tw-text-small\" dir=\"ltr\" data-placeholder=\"Vertaling\"><span lang=\"fr\">En 2018 nous avons d\u00e9m\u00e9nage l\u2019entreprise en France dans le P\u00e9rigord vert et ont commenc\u00e9 une<span style=\"color: #ff6600;\"> <a style=\"color: #ff6600;\" href=\"https:\/\/www.pourdebon.com\/ferme-sinsac-s778\">ferme \u00e9cologique<\/a> <\/span>ou la biodiversit\u00e9 est le plus important, donc les pesticides sont interdit.<\/span><\/p>\n<p><a href=\"https:\/\/www.pourdebon.com\/ferme-sinsac-s778\"><span style=\"color: #ff6600;\">https:\/\/www.pourdebon.com\/ferme-sinsac-s778<\/span><\/a><\/p>\n<p class=\"tw-data-text tw-ta tw-text-small\" dir=\"ltr\" data-placeholder=\"Vertaling\"><span lang=\"fr\">Avec les salutations chaleureuses,<\/span><\/p>\n<p dir=\"ltr\" data-placeholder=\"Vertaling\">Egbert &amp; Aurore Olsman<\/p>\n<p dir=\"ltr\" data-placeholder=\"Vertaling\">MyCosmos<\/p>\n<p dir=\"ltr\" data-placeholder=\"Vertaling\"><img loading=\"lazy\" decoding=\"async\" class=\"alignnone wp-image-689\" src=\"https:\/\/mycosmos.eu\/wp-content\/uploads\/2017\/03\/logotype.png\" alt=\"MyCosmos\" width=\"223\" height=\"149\" \/><\/p>\n<h2 dir=\"ltr\" data-placeholder=\"Vertaling\">\u00a0<\/h2>\n<h3 dir=\"ltr\" data-placeholder=\"Vertaling\">L&#8217;histoire des plafond \u00e9toil\u00e9<\/h3>\n<p>\u00a0<\/p>\n<p>Au tout d\u00e9but il existait des plafond avec que les memes \u00e9toiles et ca ressemblait a cette image.<\/p>\n<p><img loading=\"lazy\" decoding=\"async\" class=\"alignnone wp-image-3506\" src=\"https:\/\/mycosmos.eu\/wp-content\/uploads\/2017\/04\/Naamloos.png\" alt=\"\" width=\"411\" height=\"326\" \/><\/p>\n<p>Cesi sont les plafond vendu encore partout ailleurs, car il n&#8217;existe rien d&#8217;autre sur le march\u00e9 sauf chez MyCosmos ou le system utilis\u00e9 est compl\u00e8tement different et beaucoup plus long et difficile a produire.<\/p>\n<p>\u00a0<\/p>\n<h3><strong>2013<\/strong><\/h3>\n<p>Le premier plafond ciel \u00e9toil\u00e9 de MyCosmos.<\/p>\n<p><img loading=\"lazy\" decoding=\"async\" class=\"alignnone wp-image-5075 size-full\" src=\"https:\/\/mycosmos.eu\/wp-content\/uploads\/2018\/07\/MyCosmos-oud.jpg\" alt=\"MyCosmos oud\" width=\"1280\" height=\"857\" srcset=\"https:\/\/mycosmos.eu\/wp-content\/uploads\/2018\/07\/MyCosmos-oud.jpg 1280w, https:\/\/mycosmos.eu\/wp-content\/uploads\/2018\/07\/MyCosmos-oud-300x201.jpg 300w, https:\/\/mycosmos.eu\/wp-content\/uploads\/2018\/07\/MyCosmos-oud-768x514.jpg 768w, https:\/\/mycosmos.eu\/wp-content\/uploads\/2018\/07\/MyCosmos-oud-1024x686.jpg 1024w, https:\/\/mycosmos.eu\/wp-content\/uploads\/2018\/07\/MyCosmos-oud-652x437.jpg 652w\" sizes=\"auto, (max-width: 1280px) 100vw, 1280px\" \/><\/p>\n<p>\u00a0<\/p>\n<h3><strong>2014<\/strong><\/h3>\n<p>La voie lact\u00e9e<\/p>\n<p><img loading=\"lazy\" decoding=\"async\" class=\"alignnone wp-image-5078 size-full\" src=\"https:\/\/mycosmos.eu\/wp-content\/uploads\/2018\/07\/MyCosmos-oud2.jpg\" alt=\"MyCosmos oud2\" width=\"1280\" height=\"612\" srcset=\"https:\/\/mycosmos.eu\/wp-content\/uploads\/2018\/07\/MyCosmos-oud2.jpg 1280w, https:\/\/mycosmos.eu\/wp-content\/uploads\/2018\/07\/MyCosmos-oud2-300x143.jpg 300w, https:\/\/mycosmos.eu\/wp-content\/uploads\/2018\/07\/MyCosmos-oud2-768x367.jpg 768w, https:\/\/mycosmos.eu\/wp-content\/uploads\/2018\/07\/MyCosmos-oud2-1024x490.jpg 1024w, https:\/\/mycosmos.eu\/wp-content\/uploads\/2018\/07\/MyCosmos-oud2-652x312.jpg 652w\" sizes=\"auto, (max-width: 1280px) 100vw, 1280px\" \/><\/p>\n<p>\u00a0<\/p>\n<h3><strong>2015<\/strong><\/h3>\n<p>Les \u00e9toiles blanc en 3 tintes et les \u00e9toiles couleur s\u00e9par\u00e9<\/p>\n<p><img loading=\"lazy\" decoding=\"async\" class=\"alignnone wp-image-5081 size-full\" src=\"https:\/\/mycosmos.eu\/wp-content\/uploads\/2018\/07\/MyCosmos-plafond-ciel-etoile-etoiles-\u00e9toil\u00e9-blanc-couleur-voie-l-actee-fillantes.jpg\" alt=\"MyCosmos plafond ciel etoile etoiles \u00e9toil\u00e9 blanc couleur voie l actee fillantes\" width=\"768\" height=\"440\" srcset=\"https:\/\/mycosmos.eu\/wp-content\/uploads\/2018\/07\/MyCosmos-plafond-ciel-etoile-etoiles-\u00e9toil\u00e9-blanc-couleur-voie-l-actee-fillantes.jpg 768w, https:\/\/mycosmos.eu\/wp-content\/uploads\/2018\/07\/MyCosmos-plafond-ciel-etoile-etoiles-\u00e9toil\u00e9-blanc-couleur-voie-l-actee-fillantes-300x172.jpg 300w, https:\/\/mycosmos.eu\/wp-content\/uploads\/2018\/07\/MyCosmos-plafond-ciel-etoile-etoiles-\u00e9toil\u00e9-blanc-couleur-voie-l-actee-fillantes-652x374.jpg 652w\" sizes=\"auto, (max-width: 768px) 100vw, 768px\" \/><\/p>\n<p>\u00a0<\/p>\n<h3><strong>2016<\/strong><\/h3>\n<p>Les \u00e9toiles blanc en 5 tintes, les \u00e9toiles faibles ont \u00e9t\u00e9 d\u00e9velopp\u00e9. Le design est am\u00e9lior\u00e9.<\/p>\n<p><img loading=\"lazy\" decoding=\"async\" class=\"alignnone wp-image-1237 size-full\" src=\"https:\/\/mycosmos.eu\/wp-content\/uploads\/2016\/12\/Ciel-\u00e9toil\u00e9-Fibre-Optic-Plafond-led-chambre-salle-de-bain-sauna-spa-luxe-voies-lact\u00e9es-photos-image.jpg\" alt=\"Ciel \u00e9toil\u00e9 Fibre Optic Plafond led chambre salle de bain sauna spa luxe voies lact\u00e9es photos image\" width=\"730\" height=\"768\" srcset=\"https:\/\/mycosmos.eu\/wp-content\/uploads\/2016\/12\/Ciel-\u00e9toil\u00e9-Fibre-Optic-Plafond-led-chambre-salle-de-bain-sauna-spa-luxe-voies-lact\u00e9es-photos-image.jpg 730w, https:\/\/mycosmos.eu\/wp-content\/uploads\/2016\/12\/Ciel-\u00e9toil\u00e9-Fibre-Optic-Plafond-led-chambre-salle-de-bain-sauna-spa-luxe-voies-lact\u00e9es-photos-image-285x300.jpg 285w, https:\/\/mycosmos.eu\/wp-content\/uploads\/2016\/12\/Ciel-\u00e9toil\u00e9-Fibre-Optic-Plafond-led-chambre-salle-de-bain-sauna-spa-luxe-voies-lact\u00e9es-photos-image-652x686.jpg 652w\" sizes=\"auto, (max-width: 730px) 100vw, 730px\" \/><\/p>\n<p><img loading=\"lazy\" decoding=\"async\" class=\"alignnone wp-image-1407 size-full\" src=\"https:\/\/mycosmos.eu\/wp-content\/uploads\/2016\/12\/LED-plafondverlichting-sterren-hemel-led-badkamer-slaapkamer-ideen-inspiratie-luxe-voorbeelden-panelen-plafond.jpg\" alt=\"Plafond \u00e9toil\u00e9 Fibre Optic led Ciel spa jaccuzi salle de bain chambre luxe photos image MyCosmos\" width=\"1024\" height=\"735\" srcset=\"https:\/\/mycosmos.eu\/wp-content\/uploads\/2016\/12\/LED-plafondverlichting-sterren-hemel-led-badkamer-slaapkamer-ideen-inspiratie-luxe-voorbeelden-panelen-plafond.jpg 1024w, https:\/\/mycosmos.eu\/wp-content\/uploads\/2016\/12\/LED-plafondverlichting-sterren-hemel-led-badkamer-slaapkamer-ideen-inspiratie-luxe-voorbeelden-panelen-plafond-300x215.jpg 300w, https:\/\/mycosmos.eu\/wp-content\/uploads\/2016\/12\/LED-plafondverlichting-sterren-hemel-led-badkamer-slaapkamer-ideen-inspiratie-luxe-voorbeelden-panelen-plafond-768x551.jpg 768w, https:\/\/mycosmos.eu\/wp-content\/uploads\/2016\/12\/LED-plafondverlichting-sterren-hemel-led-badkamer-slaapkamer-ideen-inspiratie-luxe-voorbeelden-panelen-plafond-652x468.jpg 652w\" sizes=\"auto, (max-width: 1024px) 100vw, 1024px\" \/><\/p>\n<h3>\u00a0<\/h3>\n<h3><strong>2017<\/strong><\/h3>\n<p>Les commandes vers l&#8217;\u00e9tranger (Washington &#8211; USA), les \u00e9toiles tres faibles ont \u00e9t\u00e9 d\u00e9velopp\u00e9 et le design est encore am\u00e9lior\u00e9. Un copie du ciel (Nord)<\/p>\n<p><img loading=\"lazy\" decoding=\"async\" class=\"alignnone wp-image-1946 \" src=\"https:\/\/mycosmos.eu\/wp-content\/uploads\/2017\/04\/plafond-suspendu-etoile-lumineuse-led-applique-plafond-lampe-ciel-\u00e9toil\u00e9-dalle-projecteur-staff-deco-fibre-optique-veilleuse.jpg\" alt=\"plafond-suspendu-etoile-lumineuse-led-applique-plafond-lampe-ciel-\u00e9toil\u00e9-dalle-projecteur-staff-deco-fibre-optique-veilleus\" width=\"1020\" height=\"473\" srcset=\"https:\/\/mycosmos.eu\/wp-content\/uploads\/2017\/04\/plafond-suspendu-etoile-lumineuse-led-applique-plafond-lampe-ciel-\u00e9toil\u00e9-dalle-projecteur-staff-deco-fibre-optique-veilleuse.jpg 1877w, https:\/\/mycosmos.eu\/wp-content\/uploads\/2017\/04\/plafond-suspendu-etoile-lumineuse-led-applique-plafond-lampe-ciel-\u00e9toil\u00e9-dalle-projecteur-staff-deco-fibre-optique-veilleuse-300x139.jpg 300w, https:\/\/mycosmos.eu\/wp-content\/uploads\/2017\/04\/plafond-suspendu-etoile-lumineuse-led-applique-plafond-lampe-ciel-\u00e9toil\u00e9-dalle-projecteur-staff-deco-fibre-optique-veilleuse-768x356.jpg 768w, https:\/\/mycosmos.eu\/wp-content\/uploads\/2017\/04\/plafond-suspendu-etoile-lumineuse-led-applique-plafond-lampe-ciel-\u00e9toil\u00e9-dalle-projecteur-staff-deco-fibre-optique-veilleuse-1024x475.jpg 1024w, https:\/\/mycosmos.eu\/wp-content\/uploads\/2017\/04\/plafond-suspendu-etoile-lumineuse-led-applique-plafond-lampe-ciel-\u00e9toil\u00e9-dalle-projecteur-staff-deco-fibre-optique-veilleuse-652x303.jpg 652w\" sizes=\"auto, (max-width: 1020px) 100vw, 1020px\" \/><\/p>\n<p>Le jour \/<\/p>\n<p>La nuit<\/p>\n<p><img loading=\"lazy\" decoding=\"async\" class=\"alignnone wp-image-1956 \" src=\"https:\/\/mycosmos.eu\/wp-content\/uploads\/2017\/04\/etoile-lumineuse-led-plafond-suspendu-plafond-lampe-ciel-\u00e9toil\u00e9-dalle-projecteur-staff-deco-fibre-optique-veilleuse-applique.jpg\" alt=\"etoile lumineuse led plafond suspendu plafond lampe ciel \u00e9toil\u00e9 dalle projecteur staff deco fibre optique veilleuse applique\" width=\"1028\" height=\"853\" srcset=\"https:\/\/mycosmos.eu\/wp-content\/uploads\/2017\/04\/etoile-lumineuse-led-plafond-suspendu-plafond-lampe-ciel-\u00e9toil\u00e9-dalle-projecteur-staff-deco-fibre-optique-veilleuse-applique.jpg 1286w, https:\/\/mycosmos.eu\/wp-content\/uploads\/2017\/04\/etoile-lumineuse-led-plafond-suspendu-plafond-lampe-ciel-\u00e9toil\u00e9-dalle-projecteur-staff-deco-fibre-optique-veilleuse-applique-300x249.jpg 300w, https:\/\/mycosmos.eu\/wp-content\/uploads\/2017\/04\/etoile-lumineuse-led-plafond-suspendu-plafond-lampe-ciel-\u00e9toil\u00e9-dalle-projecteur-staff-deco-fibre-optique-veilleuse-applique-768x637.jpg 768w, https:\/\/mycosmos.eu\/wp-content\/uploads\/2017\/04\/etoile-lumineuse-led-plafond-suspendu-plafond-lampe-ciel-\u00e9toil\u00e9-dalle-projecteur-staff-deco-fibre-optique-veilleuse-applique-1024x850.jpg 1024w, https:\/\/mycosmos.eu\/wp-content\/uploads\/2017\/04\/etoile-lumineuse-led-plafond-suspendu-plafond-lampe-ciel-\u00e9toil\u00e9-dalle-projecteur-staff-deco-fibre-optique-veilleuse-applique-652x541.jpg 652w\" sizes=\"auto, (max-width: 1028px) 100vw, 1028px\" \/><\/p>\n<p>\u00a0<\/p>\n<h3><strong>2018<\/strong><\/h3>\n<p>L&#8217;ouverture de l&#8217;atelier \u00e0 Nanthiat en Aquitaine &#8211; France.<\/p>\n<p>Le plafond ciel \u00e9toil\u00e9s sans couture est d\u00e9velopp\u00e9, les \u00e9toiles le plus faibles et presque invisible ont \u00e9t\u00e9 d\u00e9velopp\u00e9. Les plus parts des \u00e9toiles ne sont plus visible sur les foto, ces \u00e9toiles sont soit trop proche l&#8217;un a l&#8217;autre ou\/et trop faible pour la cam\u00e9ra.<\/p>\n<p>\u00a0<\/p>\n<p><img loading=\"lazy\" decoding=\"async\" class=\"alignnone wp-image-4914 size-full\" src=\"https:\/\/mycosmos.eu\/wp-content\/uploads\/2018\/05\/mycosmos-ciel-etoile-plafond-fibre-optic-led-chambre-etoile-\u00e9toile-salle-de-bain-sauna-spa-luxe-voies-lact\u00e9es-photos-image.jpg\" alt=\"mycosmos ciel etoile plafond fibre optic led chambre etoile \u00e9toile salle de bain sauna spa luxe voies lact\u00e9es photos image\" width=\"720\" height=\"1080\" srcset=\"https:\/\/mycosmos.eu\/wp-content\/uploads\/2018\/05\/mycosmos-ciel-etoile-plafond-fibre-optic-led-chambre-etoile-\u00e9toile-salle-de-bain-sauna-spa-luxe-voies-lact\u00e9es-photos-image.jpg 720w, https:\/\/mycosmos.eu\/wp-content\/uploads\/2018\/05\/mycosmos-ciel-etoile-plafond-fibre-optic-led-chambre-etoile-\u00e9toile-salle-de-bain-sauna-spa-luxe-voies-lact\u00e9es-photos-image-200x300.jpg 200w, https:\/\/mycosmos.eu\/wp-content\/uploads\/2018\/05\/mycosmos-ciel-etoile-plafond-fibre-optic-led-chambre-etoile-\u00e9toile-salle-de-bain-sauna-spa-luxe-voies-lact\u00e9es-photos-image-683x1024.jpg 683w, https:\/\/mycosmos.eu\/wp-content\/uploads\/2018\/05\/mycosmos-ciel-etoile-plafond-fibre-optic-led-chambre-etoile-\u00e9toile-salle-de-bain-sauna-spa-luxe-voies-lact\u00e9es-photos-image-550x825.jpg 550w\" sizes=\"auto, (max-width: 720px) 100vw, 720px\" \/><\/p>\n<p><img loading=\"lazy\" decoding=\"async\" class=\"alignnone wp-image-4912 \" src=\"https:\/\/mycosmos.eu\/wp-content\/uploads\/2018\/05\/mycosmos-ciel-\u00e9toil\u00e9-fibre-optic-plafond-led-chambre-etoile-\u00e9toile-salle-de-bain-sauna-spa-luxe-voies-lact\u00e9es-photos-image.jpg\" alt=\"mycosmos ciel \u00e9toil\u00e9 fibre optic plafond led chambre etoile \u00e9toile salle de bain sauna spa luxe voies lact\u00e9es photos image\" width=\"1010\" height=\"673\" srcset=\"https:\/\/mycosmos.eu\/wp-content\/uploads\/2018\/05\/mycosmos-ciel-\u00e9toil\u00e9-fibre-optic-plafond-led-chambre-etoile-\u00e9toile-salle-de-bain-sauna-spa-luxe-voies-lact\u00e9es-photos-image.jpg 1620w, https:\/\/mycosmos.eu\/wp-content\/uploads\/2018\/05\/mycosmos-ciel-\u00e9toil\u00e9-fibre-optic-plafond-led-chambre-etoile-\u00e9toile-salle-de-bain-sauna-spa-luxe-voies-lact\u00e9es-photos-image-300x200.jpg 300w, https:\/\/mycosmos.eu\/wp-content\/uploads\/2018\/05\/mycosmos-ciel-\u00e9toil\u00e9-fibre-optic-plafond-led-chambre-etoile-\u00e9toile-salle-de-bain-sauna-spa-luxe-voies-lact\u00e9es-photos-image-768x512.jpg 768w, https:\/\/mycosmos.eu\/wp-content\/uploads\/2018\/05\/mycosmos-ciel-\u00e9toil\u00e9-fibre-optic-plafond-led-chambre-etoile-\u00e9toile-salle-de-bain-sauna-spa-luxe-voies-lact\u00e9es-photos-image-1024x683.jpg 1024w, https:\/\/mycosmos.eu\/wp-content\/uploads\/2018\/05\/mycosmos-ciel-\u00e9toil\u00e9-fibre-optic-plafond-led-chambre-etoile-\u00e9toile-salle-de-bain-sauna-spa-luxe-voies-lact\u00e9es-photos-image-652x435.jpg 652w\" sizes=\"auto, (max-width: 1010px) 100vw, 1010px\" \/><\/p>\n<p>\u00a0<\/p>\n<p><img loading=\"lazy\" decoding=\"async\" class=\"alignnone wp-image-4915 size-full\" src=\"https:\/\/mycosmos.eu\/wp-content\/uploads\/2018\/05\/mycosmos-ciel-\u00e9toil\u00e9-chambre-plafond-fibre-optic-led-etoile-\u00e9toile-salle-de-bain-sauna-spa-luxe-voies-lact\u00e9es-photos-image.jpg\" alt=\"mycosmos ciel \u00e9toil\u00e9 chambre plafond fibre optic led etoile \u00e9toile salle de bain sauna spa luxe voies lact\u00e9es photos image\" width=\"1116\" height=\"1080\" srcset=\"https:\/\/mycosmos.eu\/wp-content\/uploads\/2018\/05\/mycosmos-ciel-\u00e9toil\u00e9-chambre-plafond-fibre-optic-led-etoile-\u00e9toile-salle-de-bain-sauna-spa-luxe-voies-lact\u00e9es-photos-image.jpg 1116w, https:\/\/mycosmos.eu\/wp-content\/uploads\/2018\/05\/mycosmos-ciel-\u00e9toil\u00e9-chambre-plafond-fibre-optic-led-etoile-\u00e9toile-salle-de-bain-sauna-spa-luxe-voies-lact\u00e9es-photos-image-300x290.jpg 300w, https:\/\/mycosmos.eu\/wp-content\/uploads\/2018\/05\/mycosmos-ciel-\u00e9toil\u00e9-chambre-plafond-fibre-optic-led-etoile-\u00e9toile-salle-de-bain-sauna-spa-luxe-voies-lact\u00e9es-photos-image-768x743.jpg 768w, https:\/\/mycosmos.eu\/wp-content\/uploads\/2018\/05\/mycosmos-ciel-\u00e9toil\u00e9-chambre-plafond-fibre-optic-led-etoile-\u00e9toile-salle-de-bain-sauna-spa-luxe-voies-lact\u00e9es-photos-image-1024x991.jpg 1024w, https:\/\/mycosmos.eu\/wp-content\/uploads\/2018\/05\/mycosmos-ciel-\u00e9toil\u00e9-chambre-plafond-fibre-optic-led-etoile-\u00e9toile-salle-de-bain-sauna-spa-luxe-voies-lact\u00e9es-photos-image-652x631.jpg 652w\" sizes=\"auto, (max-width: 1116px) 100vw, 1116px\" \/><\/p>\n<h3><strong>2020<\/strong><\/h3>\n\n\n<figure class=\"wp-block-image size-large\"><img loading=\"lazy\" decoding=\"async\" width=\"1024\" height=\"258\" src=\"https:\/\/mycosmos.eu\/wp-content\/uploads\/2019\/07\/mycosmos-wellness-sauna-plafond-etoile-etoilee-limineuse-fibre-optic-1024x258.jpg\" alt=\"mycosmos wellness sauna plafond etoile etoilee limineuse fibre optic\" class=\"wp-image-5434\" srcset=\"https:\/\/mycosmos.eu\/wp-content\/uploads\/2019\/07\/mycosmos-wellness-sauna-plafond-etoile-etoilee-limineuse-fibre-optic-1024x258.jpg 1024w, https:\/\/mycosmos.eu\/wp-content\/uploads\/2019\/07\/mycosmos-wellness-sauna-plafond-etoile-etoilee-limineuse-fibre-optic-300x75.jpg 300w, https:\/\/mycosmos.eu\/wp-content\/uploads\/2019\/07\/mycosmos-wellness-sauna-plafond-etoile-etoilee-limineuse-fibre-optic-768x193.jpg 768w, https:\/\/mycosmos.eu\/wp-content\/uploads\/2019\/07\/mycosmos-wellness-sauna-plafond-etoile-etoilee-limineuse-fibre-optic.jpg 1920w, https:\/\/mycosmos.eu\/wp-content\/uploads\/2019\/07\/mycosmos-wellness-sauna-plafond-etoile-etoilee-limineuse-fibre-optic-652x164.jpg 652w\" sizes=\"auto, (max-width: 1024px) 100vw, 1024px\" \/><\/figure>\n\n\n\n<p><\/p>\n\n\n\n<p><\/p>\n","protected":false},"excerpt":{"rendered":"<p>En 2013 MyCosmos a commenc\u00e9 comme l&#8217;entreprise &#8220;Hemelplafond&#8221; avec moi ; Egbert Olsman et ma promesse, \u00e0 ma femme Aurore Olsman, de faire un vrai ciel \u00e9toil\u00e9 contre le plafond. Ma femme a eu une &#8220;Glow in the dark&#8221;, que vous ne voyez que les 5 premi\u00e8res minutes quand la lumi\u00e8re s&#8217;\u00e9teint. Depuis ma 14\u00e8me &hellip;<\/p>\n","protected":false},"author":1,"featured_media":3534,"parent":0,"menu_order":0,"comment_status":"closed","ping_status":"closed","template":"","meta":{"footnotes":""},"class_list":["post-5018","page","type-page","status-publish","has-post-thumbnail","hentry","has-thumb"],"_links":{"self":[{"href":"https:\/\/mycosmos.eu\/fr\/wp-json\/wp\/v2\/pages\/5018","targetHints":{"allow":["GET"]}}],"collection":[{"href":"https:\/\/mycosmos.eu\/fr\/wp-json\/wp\/v2\/pages"}],"about":[{"href":"https:\/\/mycosmos.eu\/fr\/wp-json\/wp\/v2\/types\/page"}],"author":[{"embeddable":true,"href":"https:\/\/mycosmos.eu\/fr\/wp-json\/wp\/v2\/users\/1"}],"replies":[{"embeddable":true,"href":"https:\/\/mycosmos.eu\/fr\/wp-json\/wp\/v2\/comments?post=5018"}],"version-history":[{"count":21,"href":"https:\/\/mycosmos.eu\/fr\/wp-json\/wp\/v2\/pages\/5018\/revisions"}],"predecessor-version":[{"id":5751,"href":"https:\/\/mycosmos.eu\/fr\/wp-json\/wp\/v2\/pages\/5018\/revisions\/5751"}],"wp:featuredmedia":[{"embeddable":true,"href":"https:\/\/mycosmos.eu\/fr\/wp-json\/wp\/v2\/media\/3534"}],"wp:attachment":[{"href":"https:\/\/mycosmos.eu\/fr\/wp-json\/wp\/v2\/media?parent=5018"}],"curies":[{"name":"wp","href":"https:\/\/api.w.org\/{rel}","templated":true}]}}